{"id":2539,"date":"2022-04-21T15:38:42","date_gmt":"2022-04-21T13:38:42","guid":{"rendered":"https:\/\/floride.fr\/wohlbefinden\/"},"modified":"2026-03-17T14:01:41","modified_gmt":"2026-03-17T13:01:41","slug":"wohlbefinden","status":"publish","type":"page","link":"https:\/\/floride.fr\/de\/wohlbefinden\/","title":{"rendered":"Wohlbefinden"},"content":{"rendered":"\n<figure class=\"wp-block-image alignfull size-full F-00-b\"><img loading=\"lazy\" width=\"1920\" height=\"1280\" src=\"https:\/\/floride.fr\/wp-content\/uploads\/2025\/11\/315_Camping_Occitanie_Le_Floride_et_l_Embouchure_Ciela_Village_Espace_Bien_Etre_Kahuna_Spa.webp\" alt=\"\" class=\"wp-image-15598\" srcset=\"https:\/\/floride.fr\/wp-content\/uploads\/2025\/11\/315_Camping_Occitanie_Le_Floride_et_l_Embouchure_Ciela_Village_Espace_Bien_Etre_Kahuna_Spa.webp 1920w, https:\/\/floride.fr\/wp-content\/uploads\/2025\/11\/315_Camping_Occitanie_Le_Floride_et_l_Embouchure_Ciela_Village_Espace_Bien_Etre_Kahuna_Spa-300x200.webp 300w, https:\/\/floride.fr\/wp-content\/uploads\/2025\/11\/315_Camping_Occitanie_Le_Floride_et_l_Embouchure_Ciela_Village_Espace_Bien_Etre_Kahuna_Spa-1024x683.webp 1024w, https:\/\/floride.fr\/wp-content\/uploads\/2025\/11\/315_Camping_Occitanie_Le_Floride_et_l_Embouchure_Ciela_Village_Espace_Bien_Etre_Kahuna_Spa-768x512.webp 768w, https:\/\/floride.fr\/wp-content\/uploads\/2025\/11\/315_Camping_Occitanie_Le_Floride_et_l_Embouchure_Ciela_Village_Espace_Bien_Etre_Kahuna_Spa-1536x1024.webp 1536w\" sizes=\"(max-width: 1920px) 100vw, 1920px\" \/><\/figure>\n\n<section class=\"wp-container-69ec7a40c9ca0 wp-block-group\"><div class=\"wp-block-group__inner-container\">\n<h1 class=\"has-text-align-center has-couleur-1-color has-text-color\" id=\"detente-et-centre-bien-etre-au-camping-a-barcares\">Entspannung und Wellnesscenter auf dem Campingplatz in Barcar\u00e8s<\/h1>\n\n\n\n<h2 class=\"has-text-align-center has-couleur-2-color has-text-color\" id=\"la-promesse-d-un-sejour-inoubliable-au-coeur-du-languedoc-roussillon\">Das Versprechen eines unvergesslichen Aufenthalts im Herzen des Languedoc-Roussillon<\/h2>\n\n\n\n<p class=\"has-text-align-center\">Befreien Sie Ihre Chakren und alle negativen Emotionen, um Platz zu schaffen f\u00fcr das Edelste, was das Wort \u201eUrlaub\u201c zu bieten hat: Entspannung. Dank unserer erstklassigen Angebote an der K\u00fcste des Languedoc steht Ihnen alles zur Verf\u00fcgung, um echte Momente der Entspannung zu genie\u00dfen. Unser <a href=\"https:\/\/floride.fr\/de\/\">5-Sterne-Campingplatz in Barcar\u00e8s<\/a> verf\u00fcgt n\u00e4mlich \u00fcber zahlreiche erstklassige Einrichtungen in einem Feriendorf im tahitianischen Stil, die Sie am Mittelmeer in eine v\u00f6llig andere Welt entf\u00fchren werden. Echte Profis k\u00fcmmern sich liebevoll darum, dass Sie sich wie neu geboren f\u00fchlen oder eine neue Frisur ausprobieren k\u00f6nnen. Von Kopf bis Fu\u00df ist f\u00fcr alles gesorgt! Wir bieten Ihnen ein umfassendes Programm, um Ihnen inneres und \u00e4u\u00dferes Wohlbefinden zu schenken. Wenn Sie nach dem Entdecken unserer <a href=\"https:\/\/floride.fr\/de\/aktivitaeten-unterhaltung\/\">Sportaktivit\u00e4ten <\/a>und unserer unverzichtbaren Zirkusschule lieber sanftere Disziplinen ausprobieren m\u00f6chten, werden Sie von unseren Kursen f\u00fcr Aerial Yoga und Eltern-Kind-Yoga begeistert sein. Unabh\u00e4ngig von den Entspannungsangeboten unseres Campingplatzes mit Spa im Languedoc-Roussillon gibt es keine Altersbeschr\u00e4nkungen, sofern die Zustimmung der Eltern vorliegt.       So kann die ganze Familie ihren Urlaub ganz nach ihrem eigenen Rhythmus in diesem kleinen Paradies in Port Barcar\u00e8s genie\u00dfen. <\/p>\n<\/div><\/section>\n\n<p class=\"has-text-align-center titre3 has-couleur-4-color has-text-color\" id=\"de-vraies-vacances-detente-en-occitanie-avec-notre-espace-beaute-hammam-et-spa\">Echte Entspannung im Urlaub in Okzitanien mit unserem Beautybereich, Hammam und Spa<\/p>\n\n<figure class=\"wp-block-gallery has-nested-images columns-6 is-cropped diaporama--3\">\n<figure class=\"wp-block-image size-large\"><img loading=\"lazy\" width=\"1024\" height=\"683\" data-id=\"11221\"  src=\"https:\/\/floride.fr\/wp-content\/uploads\/2023\/12\/IMG_9584-1024x683.jpg\" alt=\"\" class=\"wp-image-11221\" srcset=\"https:\/\/floride.fr\/wp-content\/uploads\/2023\/12\/IMG_9584-1024x683.jpg 1024w, https:\/\/floride.fr\/wp-content\/uploads\/2023\/12\/IMG_9584-300x200.jpg 300w, https:\/\/floride.fr\/wp-content\/uploads\/2023\/12\/IMG_9584-768x512.jpg 768w, https:\/\/floride.fr\/wp-content\/uploads\/2023\/12\/IMG_9584-1536x1024.jpg 1536w, https:\/\/floride.fr\/wp-content\/uploads\/2023\/12\/IMG_9584-2048x1365.jpg 2048w\" sizes=\"(max-width: 1024px) 100vw, 1024px\" \/><\/figure>\n\n\n\n<figure class=\"wp-block-image size-large\"><img loading=\"lazy\" width=\"1024\" height=\"683\" data-id=\"4199\"  src=\"https:\/\/floride.fr\/wp-content\/uploads\/2022\/05\/media-88995876-002-1-1024x683.jpg\" alt=\"\" class=\"wp-image-4199\" srcset=\"https:\/\/floride.fr\/wp-content\/uploads\/2022\/05\/media-88995876-002-1-1024x683.jpg 1024w, https:\/\/floride.fr\/wp-content\/uploads\/2022\/05\/media-88995876-002-1-300x200.jpg 300w, https:\/\/floride.fr\/wp-content\/uploads\/2022\/05\/media-88995876-002-1-768x512.jpg 768w, https:\/\/floride.fr\/wp-content\/uploads\/2022\/05\/media-88995876-002-1-1536x1024.jpg 1536w, https:\/\/floride.fr\/wp-content\/uploads\/2022\/05\/media-88995876-002-1-2048x1365.jpg 2048w\" sizes=\"(max-width: 1024px) 100vw, 1024px\" \/><\/figure>\n\n\n\n<figure class=\"wp-block-image size-large\"><img loading=\"lazy\" width=\"1024\" height=\"683\" data-id=\"11216\"  src=\"https:\/\/floride.fr\/wp-content\/uploads\/2023\/12\/IMG_9564-1024x683.jpg\" alt=\"\" class=\"wp-image-11216\" srcset=\"https:\/\/floride.fr\/wp-content\/uploads\/2023\/12\/IMG_9564-1024x683.jpg 1024w, https:\/\/floride.fr\/wp-content\/uploads\/2023\/12\/IMG_9564-300x200.jpg 300w, https:\/\/floride.fr\/wp-content\/uploads\/2023\/12\/IMG_9564-768x512.jpg 768w, https:\/\/floride.fr\/wp-content\/uploads\/2023\/12\/IMG_9564-1536x1024.jpg 1536w, https:\/\/floride.fr\/wp-content\/uploads\/2023\/12\/IMG_9564-2048x1365.jpg 2048w\" sizes=\"(max-width: 1024px) 100vw, 1024px\" \/><\/figure>\n\n\n\n<figure class=\"wp-block-image size-large\"><img loading=\"lazy\" width=\"1024\" height=\"683\" data-id=\"4214\"  src=\"https:\/\/floride.fr\/wp-content\/uploads\/2022\/05\/media-88995876-003-1024x683.jpg\" alt=\"\" class=\"wp-image-4214\" srcset=\"https:\/\/floride.fr\/wp-content\/uploads\/2022\/05\/media-88995876-003-1024x683.jpg 1024w, https:\/\/floride.fr\/wp-content\/uploads\/2022\/05\/media-88995876-003-300x200.jpg 300w, https:\/\/floride.fr\/wp-content\/uploads\/2022\/05\/media-88995876-003-768x512.jpg 768w, https:\/\/floride.fr\/wp-content\/uploads\/2022\/05\/media-88995876-003-1536x1024.jpg 1536w, https:\/\/floride.fr\/wp-content\/uploads\/2022\/05\/media-88995876-003-2048x1365.jpg 2048w\" sizes=\"(max-width: 1024px) 100vw, 1024px\" \/><\/figure>\n\n\n\n<figure class=\"wp-block-image size-large\"><img loading=\"lazy\" width=\"1024\" height=\"683\" data-id=\"11226\"  src=\"https:\/\/floride.fr\/wp-content\/uploads\/2023\/12\/IMG_8826-1024x683.jpg\" alt=\"\" class=\"wp-image-11226\" srcset=\"https:\/\/floride.fr\/wp-content\/uploads\/2023\/12\/IMG_8826-1024x683.jpg 1024w, https:\/\/floride.fr\/wp-content\/uploads\/2023\/12\/IMG_8826-300x200.jpg 300w, https:\/\/floride.fr\/wp-content\/uploads\/2023\/12\/IMG_8826-768x512.jpg 768w, https:\/\/floride.fr\/wp-content\/uploads\/2023\/12\/IMG_8826-1536x1024.jpg 1536w, https:\/\/floride.fr\/wp-content\/uploads\/2023\/12\/IMG_8826-2048x1365.jpg 2048w\" sizes=\"(max-width: 1024px) 100vw, 1024px\" \/><\/figure>\n\n\n\n<figure class=\"wp-block-image size-large\"><img loading=\"lazy\" width=\"1024\" height=\"682\" data-id=\"15918\"  src=\"https:\/\/floride.fr\/wp-content\/uploads\/2025\/11\/321_Camping_Occitanie_Le_Floride_et_l_Embouchure_Ciela_Village_Espace_Bien_Etre_Kahuna_Spa-1024x682.webp\" alt=\"\" class=\"wp-image-15918\" srcset=\"https:\/\/floride.fr\/wp-content\/uploads\/2025\/11\/321_Camping_Occitanie_Le_Floride_et_l_Embouchure_Ciela_Village_Espace_Bien_Etre_Kahuna_Spa-1024x682.webp 1024w, https:\/\/floride.fr\/wp-content\/uploads\/2025\/11\/321_Camping_Occitanie_Le_Floride_et_l_Embouchure_Ciela_Village_Espace_Bien_Etre_Kahuna_Spa-300x200.webp 300w, https:\/\/floride.fr\/wp-content\/uploads\/2025\/11\/321_Camping_Occitanie_Le_Floride_et_l_Embouchure_Ciela_Village_Espace_Bien_Etre_Kahuna_Spa-768x512.webp 768w, https:\/\/floride.fr\/wp-content\/uploads\/2025\/11\/321_Camping_Occitanie_Le_Floride_et_l_Embouchure_Ciela_Village_Espace_Bien_Etre_Kahuna_Spa.webp 1280w\" sizes=\"(max-width: 1024px) 100vw, 1024px\" \/><\/figure>\n\n\n\n<figure class=\"wp-block-image size-large\"><img loading=\"lazy\" width=\"1024\" height=\"682\" data-id=\"15913\"  src=\"https:\/\/floride.fr\/wp-content\/uploads\/2025\/11\/329_Camping_Occitanie_Le_Floride_et_l_Embouchure_Ciela_Village_Espace_Bien_Etre_Kahuna_Spa-1024x682.webp\" alt=\"\" class=\"wp-image-15913\" srcset=\"https:\/\/floride.fr\/wp-content\/uploads\/2025\/11\/329_Camping_Occitanie_Le_Floride_et_l_Embouchure_Ciela_Village_Espace_Bien_Etre_Kahuna_Spa-1024x682.webp 1024w, https:\/\/floride.fr\/wp-content\/uploads\/2025\/11\/329_Camping_Occitanie_Le_Floride_et_l_Embouchure_Ciela_Village_Espace_Bien_Etre_Kahuna_Spa-300x200.webp 300w, https:\/\/floride.fr\/wp-content\/uploads\/2025\/11\/329_Camping_Occitanie_Le_Floride_et_l_Embouchure_Ciela_Village_Espace_Bien_Etre_Kahuna_Spa-768x512.webp 768w, https:\/\/floride.fr\/wp-content\/uploads\/2025\/11\/329_Camping_Occitanie_Le_Floride_et_l_Embouchure_Ciela_Village_Espace_Bien_Etre_Kahuna_Spa.webp 1280w\" sizes=\"(max-width: 1024px) 100vw, 1024px\" \/><\/figure>\n<\/figure>\n\n<p><\/p>\n\n<section class=\"wp-container-69ec7a40cb881 wp-block-group F-15-a vague-top vague-bottom ligne1-top has-bg-1-background-color has-background\"><div class=\"wp-block-group__inner-container\">\n<h2 class=\"titre1 has-couleur-1-color has-text-color\" id=\"kahuna-spal-institut-de-beaute-haut-de-gamme-du-floride\">KAHUNA SPA<\/h2>\n\n\n\n<div class=\"wp-block-columns\">\n<div class=\"wp-block-column\">\n<div class=\"wp-block-media-text is-stacked-on-mobile is-image-fill deco-coco\"><figure class=\"wp-block-media-text__media\" style=\"background-image:url(https:\/\/floride.fr\/wp-content\/uploads\/2023\/12\/IMG_9537-1024x683.jpg);background-position:48% 46%\"><img loading=\"lazy\" width=\"1024\" height=\"683\" src=\"https:\/\/floride.fr\/wp-content\/uploads\/2023\/12\/IMG_9537-1024x683.jpg\" alt=\"\" class=\"wp-image-11247 size-full\" srcset=\"https:\/\/floride.fr\/wp-content\/uploads\/2023\/12\/IMG_9537-1024x683.jpg 1024w, https:\/\/floride.fr\/wp-content\/uploads\/2023\/12\/IMG_9537-300x200.jpg 300w, https:\/\/floride.fr\/wp-content\/uploads\/2023\/12\/IMG_9537-768x512.jpg 768w, https:\/\/floride.fr\/wp-content\/uploads\/2023\/12\/IMG_9537-1536x1024.jpg 1536w, https:\/\/floride.fr\/wp-content\/uploads\/2023\/12\/IMG_9537-2048x1365.jpg 2048w\" sizes=\"(max-width: 1024px) 100vw, 1024px\" \/><\/figure><div class=\"wp-block-media-text__content\">\n<blockquote class=\"wp-block-quote\"><p>&#8222;Der Hammam ist top. Ein echter Moment der Entspannung, gekoppelt mit einer perfekten Nagelpflege. Vielen Dank an die Kosmetikerinnen f\u00fcr ihre Gastfreundschaft!&#8220;<\/p><cite>Sophie, gekommen im Oktober<\/cite><\/blockquote>\n<\/div><\/div>\n\n\n\n<h3 class=\"has-couleur-2-color has-text-color\" id=\"kahuna-spal-institut-de-beaute-haut-de-gamme-du-floride\">Das High-End-Sch\u00f6nheitsinstitut in Florida<\/h3>\n\n\n\n<ul><li>Nagelstudio,<\/li><li>Kinderbetreuung in Zusammenarbeit mit <a rel=\"noreferrer noopener\" href=\"https:\/\/www.toofruit.com\/\" target=\"_blank\">TooFruit<\/a>,<\/li><li>Orientalisches Hammam,<\/li><li>K\u00f6rperpeelings,<\/li><li>Massagen aus aller Welt,<\/li><li>Gesichts- und K\u00f6rperpflege,<\/li><li>Haarentfernung f\u00fcr M\u00e4nner und Frauen,<\/li><li>Massagekabine mit Wasserstrahlen,<\/li><li>Balneotherapie.<\/li><\/ul>\n\n\n\n<h3 class=\"brush has-couleur-4-color has-text-color\" id=\"des-equipements-bien-etre-dernier-cri\">Modernste Wellness-Ausstattung<\/h3>\n\n\n\n<div class=\"wp-container-69ec7a40cb219 wp-block-group pictos columns-3\">\n<div class=\"wp-container-69ec7a40ca895 wp-block-group\"><div class=\"wp-block-group__inner-container\"><i class=\"fal fa-spa\"><\/i>\n\n\n\n<p id=\"un-veritable-hammam-oriental-ressourcant\">Ein wahres orientalisches Hammam.<\/p>\n\n\n\n<p id=\"un-veritable-hammam-oriental-ressourcant\"><em>Resourceful.<\/em><\/p>\n<\/div><\/div>\n\n\n\n<div class=\"wp-container-69ec7a40cac36 wp-block-group\"><div class=\"wp-block-group__inner-container\"><i class=\"fal fa-sprinkler\"><\/i>\n\n\n\n<p id=\"un-spa-jet-cabine-de-massage-aux-jets-d-eau-inoubliable\">Massagekabine mit Wasserstrahlen.<\/p>\n\n\n\n<p id=\"un-spa-jet-cabine-de-massage-aux-jets-d-eau-inoubliable\"><em>Unvergesslich.<\/em><\/p>\n<\/div><\/div>\n\n\n\n<div class=\"wp-container-69ec7a40caf7c wp-block-group\"><div class=\"wp-block-group__inner-container\"><i class=\"fal fa-hot-tub\"><\/i>\n\n\n\n<p id=\"chasse-aux-tresors\">Eine Balneo-Badewanne f\u00fcr zwei Personen.<\/p>\n\n\n\n<p id=\"chasse-aux-tresors\"><em>Berauschend.<\/em><\/p>\n<\/div><\/div>\n<\/div>\n\n\n\n<div class=\"wp-block-group encart-information\"><div class=\"wp-block-group__inner-container\">\n<p>Bitte buchen Sie Ihre Leistung mindestens 24 Stunden im Voraus.<\/p>\n\n\n\n<p>Hier k\u00f6nnen Sie schon jetzt einen <a href=\"https:\/\/www.planity.com\/kahuna-coiff-spa-66420-le-barcares\" target=\"_blank\" rel=\"noreferrer noopener\">Termin vereinbaren<\/a>!<\/p>\n<\/div><\/div>\n\n\n\n<div class=\"wp-container-69ec7a40cb574 wp-block-buttons\">\n<div class=\"wp-block-button\"><a class=\"wp-block-button__link\" href=\"https:\/\/floride.fr\/wp-content\/uploads\/2023\/04\/Brochure-SPA-2023-OK_compressed.pdf\">Siehe Preise<\/a><\/div>\n<\/div>\n<\/div>\n<\/div>\n<\/div><\/section>\n\n<section class=\"wp-container-69ec7a40cbffe wp-block-group F-25-a\"><div class=\"wp-block-group__inner-container\">\n<h2 class=\"titre1 has-couleur-1-color has-text-color\" id=\"salon-de-coiffure-kahuna\">Friseursalon Kahuna<\/h2>\n\n\n\n<h2 class=\"brush has-couleur-2-color has-text-color\" id=\"prenez-soin-de-vous-au-camping-5-etoiles-a-port-barcares\">Verw\u00f6hnen Sie sich im 5-Sterne-Campingplatz in Port Barcar\u00e8s<\/h2>\n\n\n\n<p id=\"le-salon-de-coiffure-hommes-femmes-et-enfants-du-camping-le-floride-au-barcares-vous-accueille\">Wenn Sie Ihren Kopf ver\u00e4ndern oder Ihren Look auffrischen m\u00f6chten, bieten Ihnen unsere Friseurinnen : <\/p>\n\n\n\n<ul><li>Herrenhaarschnitte,<\/li><li>Bartschneiden und -pflege,<\/li><li>Frisuren f\u00fcr Frauen,<\/li><li>Kinderhaarschnitte,<\/li><li>F\u00e4rbungen,<\/li><li>Str\u00e4hnen,<\/li><li>Permanent,<\/li><li>Entkr\u00e4useln \/ Gl\u00e4tten<\/li><li>Haarpflege,<\/li><li>Skater,<\/li><li>Tiefenwirksame Pflege.<\/li><\/ul>\n\n\n\n<figure class=\"wp-block-gallery has-nested-images columns-6 is-cropped diaporama--3\">\n<figure class=\"wp-block-image size-large\"><img loading=\"lazy\" width=\"680\" height=\"907\" src=\"https:\/\/floride.fr\/wp-content\/uploads\/2022\/03\/Camping-5-etoiles-en-bord-de-mer-Le-Floride-a-Port-Barcares-avec-services-et-Spa-3.jpg\" alt=\"Camping Le Floride Le Barcar&#xE8;s (66) : Camping 5 &#xE9;toiles En Bord De Mer Le Floride &#xE0; Port Barcar&#xE8;s Avec Services Et Spa 3\" class=\"wp-image-1449\" srcset=\"https:\/\/floride.fr\/wp-content\/uploads\/2022\/03\/Camping-5-etoiles-en-bord-de-mer-Le-Floride-a-Port-Barcares-avec-services-et-Spa-3.jpg 680w, https:\/\/floride.fr\/wp-content\/uploads\/2022\/03\/Camping-5-etoiles-en-bord-de-mer-Le-Floride-a-Port-Barcares-avec-services-et-Spa-3-225x300.jpg 225w\" sizes=\"(max-width: 680px) 100vw, 680px\" \/><\/figure>\n\n\n\n<figure class=\"wp-block-image size-large\"><img loading=\"lazy\" width=\"768\" height=\"1024\" src=\"https:\/\/floride.fr\/wp-content\/uploads\/2022\/03\/Camping-5-etoiles-en-bord-de-mer-Le-Floride-a-Port-Barcares-avec-services-et-Spa-4-768x1024-1.jpg\" alt=\"Camping Le Floride Le Barcar&#xE8;s (66) : Camping 5 &#xE9;toiles En Bord De Mer Le Floride &#xE0; Port Barcar&#xE8;s Avec Services Et Spa 4 768x1024\" class=\"wp-image-1454\" srcset=\"https:\/\/floride.fr\/wp-content\/uploads\/2022\/03\/Camping-5-etoiles-en-bord-de-mer-Le-Floride-a-Port-Barcares-avec-services-et-Spa-4-768x1024-1.jpg 768w, https:\/\/floride.fr\/wp-content\/uploads\/2022\/03\/Camping-5-etoiles-en-bord-de-mer-Le-Floride-a-Port-Barcares-avec-services-et-Spa-4-768x1024-1-225x300.jpg 225w\" sizes=\"(max-width: 768px) 100vw, 768px\" \/><\/figure>\n\n\n\n<figure class=\"wp-block-image size-large\"><img loading=\"lazy\" width=\"768\" height=\"1024\" src=\"https:\/\/floride.fr\/wp-content\/uploads\/2022\/03\/Camping-5-etoiles-en-bord-de-mer-Le-Floride-a-Port-Barcares-avec-services-et-Spa-5-768x1024-1.jpg\" alt=\"Camping Le Floride Le Barcar&#xE8;s (66) : Camping 5 &#xE9;toiles En Bord De Mer Le Floride &#xE0; Port Barcar&#xE8;s Avec Services Et Spa 5 768x1024\" class=\"wp-image-1459\" srcset=\"https:\/\/floride.fr\/wp-content\/uploads\/2022\/03\/Camping-5-etoiles-en-bord-de-mer-Le-Floride-a-Port-Barcares-avec-services-et-Spa-5-768x1024-1.jpg 768w, https:\/\/floride.fr\/wp-content\/uploads\/2022\/03\/Camping-5-etoiles-en-bord-de-mer-Le-Floride-a-Port-Barcares-avec-services-et-Spa-5-768x1024-1-225x300.jpg 225w\" sizes=\"(max-width: 768px) 100vw, 768px\" \/><\/figure>\n\n\n\n<figure class=\"wp-block-image size-large\"><img loading=\"lazy\" width=\"2048\" height=\"1365\" src=\"https:\/\/floride.fr\/wp-content\/uploads\/2022\/03\/media-88995876-010.jpg\" alt=\"Camping Le Floride Le Barcar&#xE8;s (66) : Media 88995876 010\" class=\"wp-image-1515\" srcset=\"https:\/\/floride.fr\/wp-content\/uploads\/2022\/03\/media-88995876-010.jpg 2048w, https:\/\/floride.fr\/wp-content\/uploads\/2022\/03\/media-88995876-010-300x200.jpg 300w, https:\/\/floride.fr\/wp-content\/uploads\/2022\/03\/media-88995876-010-1024x683.jpg 1024w, https:\/\/floride.fr\/wp-content\/uploads\/2022\/03\/media-88995876-010-768x512.jpg 768w, https:\/\/floride.fr\/wp-content\/uploads\/2022\/03\/media-88995876-010-1536x1024.jpg 1536w\" sizes=\"(max-width: 2048px) 100vw, 2048px\" \/><\/figure>\n\n\n\n<figure class=\"wp-block-image size-large\"><img loading=\"lazy\" width=\"2048\" height=\"1365\" src=\"https:\/\/floride.fr\/wp-content\/uploads\/2022\/03\/media-88995876-011.jpg\" alt=\"Camping Le Floride Le Barcar&#xE8;s (66) : Media 88995876 011\" class=\"wp-image-1520\" srcset=\"https:\/\/floride.fr\/wp-content\/uploads\/2022\/03\/media-88995876-011.jpg 2048w, https:\/\/floride.fr\/wp-content\/uploads\/2022\/03\/media-88995876-011-300x200.jpg 300w, https:\/\/floride.fr\/wp-content\/uploads\/2022\/03\/media-88995876-011-1024x683.jpg 1024w, https:\/\/floride.fr\/wp-content\/uploads\/2022\/03\/media-88995876-011-768x512.jpg 768w, https:\/\/floride.fr\/wp-content\/uploads\/2022\/03\/media-88995876-011-1536x1024.jpg 1536w\" sizes=\"(max-width: 2048px) 100vw, 2048px\" \/><\/figure>\n\n\n\n<figure class=\"wp-block-image size-large\"><img loading=\"lazy\" width=\"2048\" height=\"1365\" src=\"https:\/\/floride.fr\/wp-content\/uploads\/2022\/03\/media-88995876-012.jpg\" alt=\"Camping Le Floride Le Barcar&#xE8;s (66) : Media 88995876 012\" class=\"wp-image-1525\" srcset=\"https:\/\/floride.fr\/wp-content\/uploads\/2022\/03\/media-88995876-012.jpg 2048w, https:\/\/floride.fr\/wp-content\/uploads\/2022\/03\/media-88995876-012-300x200.jpg 300w, https:\/\/floride.fr\/wp-content\/uploads\/2022\/03\/media-88995876-012-1024x683.jpg 1024w, https:\/\/floride.fr\/wp-content\/uploads\/2022\/03\/media-88995876-012-768x512.jpg 768w, https:\/\/floride.fr\/wp-content\/uploads\/2022\/03\/media-88995876-012-1536x1024.jpg 1536w\" sizes=\"(max-width: 2048px) 100vw, 2048px\" \/><\/figure>\n<\/figure>\n\n\n\n<div class=\"wp-container-69ec7a40cbd4b wp-block-buttons\">\n<div class=\"wp-block-button\"><a class=\"wp-block-button__link\" href=\"https:\/\/floride.fr\/wp-content\/uploads\/2023\/04\/Grand-panneau-NEW-aplatit_compressed.pdf\">Siehe Preise<\/a><\/div>\n<\/div>\n<\/div><\/section>\n\n<section class=\"wp-container-69ec7a40cc8d5 wp-block-group F-20-a  vague-top ligne2-top has-couleur-1-background-color has-background\"><div class=\"wp-block-group__inner-container\">\n<div class=\"wp-block-columns are-vertically-aligned-center\">\n<div class=\"wp-block-column is-vertically-aligned-center\">\n<figure class=\"wp-block-gallery has-nested-images columns-2 is-cropped deco-fleur2\">\n<figure class=\"wp-block-image size-large\"><img loading=\"lazy\" width=\"1024\" height=\"683\" src=\"https:\/\/floride.fr\/wp-content\/uploads\/2022\/12\/pexels-ketut-subiyanto-4999802-1024x683.jpg\" alt=\"\" class=\"wp-image-7721\" srcset=\"https:\/\/floride.fr\/wp-content\/uploads\/2022\/12\/pexels-ketut-subiyanto-4999802-1024x683.jpg 1024w, https:\/\/floride.fr\/wp-content\/uploads\/2022\/12\/pexels-ketut-subiyanto-4999802-300x200.jpg 300w, https:\/\/floride.fr\/wp-content\/uploads\/2022\/12\/pexels-ketut-subiyanto-4999802-768x512.jpg 768w, https:\/\/floride.fr\/wp-content\/uploads\/2022\/12\/pexels-ketut-subiyanto-4999802-1536x1024.jpg 1536w, https:\/\/floride.fr\/wp-content\/uploads\/2022\/12\/pexels-ketut-subiyanto-4999802-2048x1365.jpg 2048w\" sizes=\"(max-width: 1024px) 100vw, 1024px\" \/><\/figure>\n\n\n\n<figure class=\"wp-block-image size-large\"><img loading=\"lazy\" width=\"1024\" height=\"683\" src=\"https:\/\/floride.fr\/wp-content\/uploads\/2022\/12\/pexels-ketut-subiyanto-4999397-1024x683.jpg\" alt=\"\" class=\"wp-image-7716\" srcset=\"https:\/\/floride.fr\/wp-content\/uploads\/2022\/12\/pexels-ketut-subiyanto-4999397-1024x683.jpg 1024w, https:\/\/floride.fr\/wp-content\/uploads\/2022\/12\/pexels-ketut-subiyanto-4999397-300x200.jpg 300w, https:\/\/floride.fr\/wp-content\/uploads\/2022\/12\/pexels-ketut-subiyanto-4999397-768x512.jpg 768w, https:\/\/floride.fr\/wp-content\/uploads\/2022\/12\/pexels-ketut-subiyanto-4999397-1536x1024.jpg 1536w, https:\/\/floride.fr\/wp-content\/uploads\/2022\/12\/pexels-ketut-subiyanto-4999397-2048x1365.jpg 2048w\" sizes=\"(max-width: 1024px) 100vw, 1024px\" \/><\/figure>\n<\/figure>\n\n\n\n<div class=\"wp-container-69ec7a40cc3a0 wp-block-buttons galerie\">\n<div class=\"wp-block-button\"><a class=\"wp-block-button__link has-couleur-4-background-color has-background\" href=\"https:\/\/floride.fr\/de\/fotogalerie\/\"><i class=\"fal fa-images\"><\/i> Mediengalerie ansehen<\/a><\/div>\n<\/div>\n<\/div>\n\n\n\n<div class=\"wp-block-column is-vertically-aligned-center\">\n<h2 class=\"titre1 has-blanc-color has-text-color\" id=\"se-sentir-ailleurs-si-pres-de-chez-soi-et-decouvrez-le-paradis-des-vacances-au-bord-de-la-mediterranee-dans-un-cadre-naturel-et-enchanteur-a-quelques-encablures-du-village-catalan-du-barcares-66\">Wellness und sanfte Aktivit\u00e4ten am Meer in Barcar\u00e8s<\/h2>\n\n\n\n<h3 class=\"has-couleur-4-color has-text-color\" id=\"yoga-et-fitness\">Yoga und Fitness<\/h3>\n\n\n\n<p class=\"has-blanc-color has-text-color\">Lust, sich selbst zu \u00fcbertreffen, loszulassen und die Muskeln zu st\u00e4rken?<\/p>\n\n\n\n<p class=\"has-blanc-color has-text-color\">Probieren Sie den Einf\u00fchrungskurs in Aerial Yoga aus. Dieser Kurs kombiniert klassische Yoga-Stellungen, verschiedene Bewegungen aus der Zirkuskunst, Pilates und Tanz in einer Abfolge, die entwickelt wurde, um die Entwicklung des K\u00f6rpers in Verbindung mit seinen Emotionen und seiner Entspannung zu f\u00f6rdern. Sie finden ein Gleichgewicht zwischen Dehn\u00fcbungen, zug\u00e4nglicher Muskelst\u00e4rkung, ersten Flughaltungen und Entspannung; und das alles begleitet von seiner H\u00e4ngematte, die zum Partner in der Praxis wird.<\/p>\n\n\n\n<p class=\"has-blanc-color has-text-color\">Verbinden Sie St\u00e4rke und Selbstvertrauen mit Aerial Fitness.<\/p>\n\n\n\n<p class=\"has-blanc-color has-text-color\">Dieser Kurs richtet sich an alle, die insbesondere ihre Bauch-, Oberschenkel- und Ges\u00e4\u00dfmuskulatur st\u00e4rken und ihre Silhouette verfeinern m\u00f6chten. Es ist ein intensiver Kurs, der jedoch dank der angebotenen Optionen f\u00fcr alle zug\u00e4nglich ist. Eine Sitzung, um die gesunde Entwicklung Ihres Kindes zu f\u00f6rdern und das Vertrauen zwischen Eltern und Kindern zu st\u00e4rken. Ideal f\u00fcr Eltern, die sich einen besonderen Moment mit ihrem Kind g\u00f6nnen m\u00f6chten. Ein Moment der Geselligkeit und des Austauschs.<\/p>\n<\/div>\n<\/div>\n\n\n\n<div style=\"height:40px\" aria-hidden=\"true\" class=\"wp-block-spacer\"><\/div>\n\n\n\n<div class=\"wp-block-columns are-vertically-aligned-center\">\n<div class=\"wp-block-column is-vertically-aligned-center\">\n<h3 class=\"has-couleur-4-color has-text-color\" id=\"detente-les-pieds-dans-l-eau-en-languedoc-roussillon\">Entspannung mit den F\u00fc\u00dfen im Wasser im Languedoc-Roussillon<\/h3>\n\n\n\n<p class=\"has-blanc-color has-text-color\">Setzen Sie Ihre Entspannungskur und Ihre sportlichen Aktivit\u00e4ten zu jeder Jahreszeit in angenehm temperiertem Wasser fort! Unser <a href=\"https:\/\/floride.fr\/de\/wasserpark\/\">Campingplatz im Languedoc-Roussillon mit Wasserpark<\/a> verf\u00fcgt \u00fcber mehrere Becken und einen Whirlpool, in denen Sie sich beim sanften Pl\u00e4tschern des Wassers erholen k\u00f6nnen. Weiter entfernt k\u00f6nnen Sie sich bei den Wassergymnastik-Kursen unter der Anleitung und mit der Unterst\u00fctzung unserer Animateure einer geselligen Gruppe anschlie\u00dfen. Diese Sportart belebt den K\u00f6rper und den Kreislauf, ohne ihn stark zu belasten. Der Strand in unmittelbarer N\u00e4he bietet Ihnen die M\u00f6glichkeit, zwischen S\u00fc\u00df- und Salzwasser, im Schatten oder in der Sonne zu wechseln, ohne sich um irgendetwas k\u00fcmmern zu m\u00fcssen.<br\/>     Weniger Stress, mehr Entspannung \u2013 auch das macht den Urlaub im <a href=\"https:\/\/floride.fr\/de\/umgebung\/\">Languedoc-Roussillon auf dem Campingplatz<\/a> Le Floride aus. <\/p>\n\n\n\n<p class=\"has-blanc-color has-text-color\">M\u00f6chten Sie Entspannung und Privatsph\u00e4re miteinander verbinden? F\u00fcr noch mehr Komfort hat das Team des Floride an alles gedacht. Entdecken Sie die Suite Riviera, unser <a href=\"https:\/\/floride.fr\/de\/vermietungen\/\">Mobilheim mit eigenem Whirlpool im Languedoc-Roussillon <\/a>auf unserem <a href=\"https:\/\/floride.fr\/de\/perpignan\/\">5-Sterne-Campingplatz in der N\u00e4he von Perpignan (66).<\/a>  <\/p>\n<\/div>\n\n\n\n<div class=\"wp-block-column is-vertically-aligned-center\">\n<figure class=\"wp-block-gallery has-nested-images columns-2 is-cropped\">\n<figure class=\"wp-block-image size-full\"><img loading=\"lazy\" width=\"2560\" height=\"1707\" src=\"https:\/\/floride.fr\/wp-content\/uploads\/2022\/12\/A7R5604-scaled.jpg\" alt=\"\" class=\"wp-image-7708\" srcset=\"https:\/\/floride.fr\/wp-content\/uploads\/2022\/12\/A7R5604-scaled.jpg 2560w, https:\/\/floride.fr\/wp-content\/uploads\/2022\/12\/A7R5604-300x200.jpg 300w, https:\/\/floride.fr\/wp-content\/uploads\/2022\/12\/A7R5604-1024x683.jpg 1024w, https:\/\/floride.fr\/wp-content\/uploads\/2022\/12\/A7R5604-768x512.jpg 768w, https:\/\/floride.fr\/wp-content\/uploads\/2022\/12\/A7R5604-1536x1024.jpg 1536w, https:\/\/floride.fr\/wp-content\/uploads\/2022\/12\/A7R5604-2048x1365.jpg 2048w\" sizes=\"(max-width: 2560px) 100vw, 2560px\" \/><\/figure>\n\n\n\n<figure class=\"wp-block-image size-full\"><img loading=\"lazy\" width=\"2560\" height=\"1707\" src=\"https:\/\/floride.fr\/wp-content\/uploads\/2022\/10\/A7R5393-scaled.jpg\" alt=\"\" class=\"wp-image-7002\" srcset=\"https:\/\/floride.fr\/wp-content\/uploads\/2022\/10\/A7R5393-scaled.jpg 2560w, https:\/\/floride.fr\/wp-content\/uploads\/2022\/10\/A7R5393-300x200.jpg 300w, https:\/\/floride.fr\/wp-content\/uploads\/2022\/10\/A7R5393-1024x683.jpg 1024w, https:\/\/floride.fr\/wp-content\/uploads\/2022\/10\/A7R5393-768x512.jpg 768w, https:\/\/floride.fr\/wp-content\/uploads\/2022\/10\/A7R5393-1536x1024.jpg 1536w, https:\/\/floride.fr\/wp-content\/uploads\/2022\/10\/A7R5393-2048x1365.jpg 2048w\" sizes=\"(max-width: 2560px) 100vw, 2560px\" \/><\/figure>\n<\/figure>\n<\/div>\n<\/div>\n\n\n\n<div style=\"height:100px\" aria-hidden=\"true\" class=\"wp-block-spacer\"><\/div>\n<\/div><\/section>\n","protected":false},"excerpt":{"rendered":"<p>Entspannung und Wellnesscenter auf dem Campingplatz in Barcar\u00e8s Das Versprechen eines unvergesslichen Aufenthalts im Herzen des Languedoc-Roussillon Befreien Sie Ihre Chakren und alle negativen Emotionen, um Platz zu schaffen f\u00fcr das Edelste, was das Wort \u201eUrlaub\u201c zu bieten hat: Entspannung. Dank unserer erstklassigen Angebote an der K\u00fcste des Languedoc steht Ihnen alles zur Verf\u00fcgung, um [&hellip;]<\/p>\n","protected":false},"author":1,"featured_media":0,"parent":0,"menu_order":0,"comment_status":"closed","ping_status":"closed","template":"","meta":[],"acf":[],"_links":{"self":[{"href":"https:\/\/floride.fr\/de\/wp-json\/wp\/v2\/pages\/2539"}],"collection":[{"href":"https:\/\/floride.fr\/de\/wp-json\/wp\/v2\/pages"}],"about":[{"href":"https:\/\/floride.fr\/de\/wp-json\/wp\/v2\/types\/page"}],"author":[{"embeddable":true,"href":"https:\/\/floride.fr\/de\/wp-json\/wp\/v2\/users\/1"}],"replies":[{"embeddable":true,"href":"https:\/\/floride.fr\/de\/wp-json\/wp\/v2\/comments?post=2539"}],"version-history":[{"count":6,"href":"https:\/\/floride.fr\/de\/wp-json\/wp\/v2\/pages\/2539\/revisions"}],"predecessor-version":[{"id":16305,"href":"https:\/\/floride.fr\/de\/wp-json\/wp\/v2\/pages\/2539\/revisions\/16305"}],"wp:attachment":[{"href":"https:\/\/floride.fr\/de\/wp-json\/wp\/v2\/media?parent=2539"}],"curies":[{"name":"wp","href":"https:\/\/api.w.org\/{rel}","templated":true}]}}