{"id":2678,"date":"2022-04-21T16:14:42","date_gmt":"2022-04-21T14:14:42","guid":{"rendered":"https:\/\/floride.fr\/vermietungen\/"},"modified":"2026-03-17T14:29:56","modified_gmt":"2026-03-17T13:29:56","slug":"vermietungen","status":"publish","type":"page","link":"https:\/\/floride.fr\/de\/vermietungen\/","title":{"rendered":"Vermietungen"},"content":{"rendered":"\n<figure class=\"wp-block-image alignfull size-full F-00-b\"><img loading=\"lazy\" width=\"1920\" height=\"1280\" src=\"https:\/\/floride.fr\/wp-content\/uploads\/2025\/11\/233_Camping_Occitanie_Le_Floride_et_l_Embouchure_Ciela_Village_Hebergement.webp\" alt=\"\" class=\"wp-image-15550\" srcset=\"https:\/\/floride.fr\/wp-content\/uploads\/2025\/11\/233_Camping_Occitanie_Le_Floride_et_l_Embouchure_Ciela_Village_Hebergement.webp 1920w, https:\/\/floride.fr\/wp-content\/uploads\/2025\/11\/233_Camping_Occitanie_Le_Floride_et_l_Embouchure_Ciela_Village_Hebergement-300x200.webp 300w, https:\/\/floride.fr\/wp-content\/uploads\/2025\/11\/233_Camping_Occitanie_Le_Floride_et_l_Embouchure_Ciela_Village_Hebergement-1024x683.webp 1024w, https:\/\/floride.fr\/wp-content\/uploads\/2025\/11\/233_Camping_Occitanie_Le_Floride_et_l_Embouchure_Ciela_Village_Hebergement-768x512.webp 768w, https:\/\/floride.fr\/wp-content\/uploads\/2025\/11\/233_Camping_Occitanie_Le_Floride_et_l_Embouchure_Ciela_Village_Hebergement-1536x1024.webp 1536w\" sizes=\"(max-width: 1920px) 100vw, 1920px\" \/><\/figure>\n\n<section class=\"wp-container-69ec7abca01f8 wp-block-group\"><div class=\"wp-block-group__inner-container\">\n<h1 class=\"has-text-align-center has-couleur-1-color has-text-color\" id=\"a-port-barcares-faites-le-choix-du-depaysement-haut-de-gamme-en-2022\">Vermietung Mobilheim, Chalet und Ausgefallenes in Barcar\u00e8s (66)<\/h1>\n\n\n\n<p class=\"has-text-align-center titre2 has-couleur-4-color has-text-color\" id=\"un-confort-maximal-pour-vos-vacances-dans-le-languedoc-roussillon\"><strong>Maximaler Komfort f\u00fcr Ihren Urlaub in den Pyr\u00e9n\u00e9es Orientales<\/strong><\/p>\n\n\n\n<p class=\"has-text-align-center\">Ganz gleich, was Sie vorhaben \u2013 ob zu zweit, mit der Familie oder mit Freunden \u2013, im Floride finden Sie garantiert das ideale Angebot f\u00fcr einen angenehmen und gelungenen Urlaub in den Pyr\u00e9n\u00e9es-Orientales. Unter unserer Auswahl an Mietunterk\u00fcnften auf <strong>dem Campingplatz in Barcar\u00e8s<\/strong> findet jeder seinen Komfortstil, <strong>von der preisg\u00fcnstigen bis zur luxuri\u00f6seren Variante mit eigenem Spa.<\/strong> Fliegen Sie nach S\u00fcdfrankreich, um in unserer Einrichtung mit polynesischem Flair einen v\u00f6lligen Tapetenwechsel zu erleben. Das Abenteuer kann in einer unserer ungew\u00f6hnlichen, individuell gestalteten <strong>Unterk\u00fcnfte fortgesetzt<\/strong> werden, um sich wie in \u00dcbersee zu f\u00fchlen. Im Floride, unserem <strong>5-Sterne-Campingplatz in Barcar\u00e8s<\/strong>, w\u00e4hlen Sie au\u00dfergew\u00f6hnliche Leistungen f\u00fcr ein unvergleichliches Erlebnis im Languedoc Roussillon!<\/p>\n<\/div><\/section>\n\n<section class=\"wp-container-69ec7abca1a6e wp-block-group F-10-a\"><div class=\"wp-block-group__inner-container\">\n<div class=\"wp-block-columns are-vertically-aligned-center\">\n<div class=\"wp-block-column is-vertically-aligned-center\">\n<h2 class=\"titre1 has-couleur-1-color has-text-color\" id=\"une-large-gamme-de-locations-de-vacances-a-barcares-pres-de-perpignan\">Eine gro\u00dfe Auswahl an Ferienh\u00e4usern in Barcar\u00e8s, in der N\u00e4he von Perpignan<\/h2>\n\n\n\n<div class=\"wp-container-69ec7abca13a7 wp-block-group pictos\">\n<div class=\"wp-container-69ec7abca06ad wp-block-group\"><div class=\"wp-block-group__inner-container\"><i class=\"fal fa-home-heart\"><\/i>\n\n\n\n<p>Vermietung in einem Chalet<\/p>\n\n\n\n<p>Genie\u00dfen Sie den Komfort und die Ausstattung der Chalets<\/p>\n<\/div><\/div>\n\n\n\n<div class=\"wp-container-69ec7abca0a2c wp-block-group\"><div class=\"wp-block-group__inner-container\"><i class=\"fal fa-house-day\"><\/i>\n\n\n\n<p>Vermietung in einem Mobilheim<\/p>\n\n\n\n<p>Traditionell oder individuell gestaltet im Tiki Village mit polynesischem Flair<\/p>\n<\/div><\/div>\n\n\n\n<div class=\"wp-container-69ec7abca0d8a wp-block-group\"><div class=\"wp-block-group__inner-container\"><i class=\"fal fa-caravan-alt\"><\/i>\n\n\n\n<p>Roulotte mieten<\/p>\n\n\n\n<p>F\u00fcr einen ungew\u00f6hnlichen Urlaub<\/p>\n<\/div><\/div>\n\n\n\n<div class=\"wp-container-69ec7abca10e2 wp-block-group\"><div class=\"wp-block-group__inner-container\"><i class=\"fab fa-accessible-icon\"><\/i>\n\n\n\n<p>Vermietung PMR<\/p>\n\n\n\n<p>Speziell f\u00fcr Menschen mit eingeschr\u00e4nkter Mobilit\u00e4t entwickelt<\/p>\n<\/div><\/div>\n<\/div>\n\n\n\n<div class=\"wp-container-69ec7abca16b1 wp-block-buttons\">\n<div class=\"wp-block-button btn_resa\"><a class=\"wp-block-button__link has-couleur-2-background-color has-background\"><i class=\"fal fa-search\"><\/i> Buchen<\/a><\/div>\n<\/div>\n<\/div>\n\n\n\n<div class=\"wp-block-column is-vertically-aligned-center\">\n<figure class=\"wp-block-gallery has-nested-images columns-3 is-cropped deco-flambeau deco-rectangle2\">\n<figure class=\"wp-block-image size-large is-style-default\"><img loading=\"lazy\" width=\"1024\" height=\"683\" src=\"https:\/\/floride.fr\/wp-content\/uploads\/2022\/05\/OHARA_844-2ch_PIECE-DE-VIE_2020-1024x683.png\" alt=\"Wohnmobil zur Miete in Barcar&#xE8;s in der N&#xE4;he von Perpignan\" class=\"wp-image-3860\" srcset=\"https:\/\/floride.fr\/wp-content\/uploads\/2022\/05\/OHARA_844-2ch_PIECE-DE-VIE_2020-1024x683.png 1024w, https:\/\/floride.fr\/wp-content\/uploads\/2022\/05\/OHARA_844-2ch_PIECE-DE-VIE_2020-300x200.png 300w, https:\/\/floride.fr\/wp-content\/uploads\/2022\/05\/OHARA_844-2ch_PIECE-DE-VIE_2020-768x513.png 768w, https:\/\/floride.fr\/wp-content\/uploads\/2022\/05\/OHARA_844-2ch_PIECE-DE-VIE_2020.png 1500w\" sizes=\"(max-width: 1024px) 100vw, 1024px\" \/><\/figure>\n\n\n\n<figure class=\"wp-block-image size-full\"><img loading=\"lazy\" width=\"1024\" height=\"683\" src=\"https:\/\/floride.fr\/wp-content\/uploads\/2022\/05\/130-camping-le-floride-1024px.jpg\" alt=\"Mobilheimvermietung Campingplatz Barcar&#xE8;s Le Floride et l'Embouchure\" class=\"wp-image-3803\" srcset=\"https:\/\/floride.fr\/wp-content\/uploads\/2022\/05\/130-camping-le-floride-1024px.jpg 1024w, https:\/\/floride.fr\/wp-content\/uploads\/2022\/05\/130-camping-le-floride-1024px-300x200.jpg 300w, https:\/\/floride.fr\/wp-content\/uploads\/2022\/05\/130-camping-le-floride-1024px-768x512.jpg 768w\" sizes=\"(max-width: 1024px) 100vw, 1024px\" \/><figcaption>zelten le floride<\/figcaption><\/figure>\n<\/figure>\n<\/div>\n<\/div>\n<\/div><\/section>\n\n<section class=\"wp-container-69ec7abca21c9 wp-block-group F-05-a  deco-feuille1\"><div class=\"wp-block-group__inner-container\">\n<div class=\"wp-block-columns are-vertically-aligned-center\">\n<div class=\"wp-block-column is-vertically-aligned-center\">\n<figure class=\"wp-block-gallery has-nested-images columns-2 is-cropped deco-masque1\">\n<figure class=\"wp-block-image size-large\"><img loading=\"lazy\" width=\"836\" height=\"1024\" src=\"https:\/\/floride.fr\/wp-content\/uploads\/2025\/11\/033_Camping_Occitanie_Le_Floride_et_l_Embouchure_Ciela_Village_Hebergement_King_Suite_8_10_E038-836x1024.webp\" alt=\"\" class=\"wp-image-15957\" srcset=\"https:\/\/floride.fr\/wp-content\/uploads\/2025\/11\/033_Camping_Occitanie_Le_Floride_et_l_Embouchure_Ciela_Village_Hebergement_King_Suite_8_10_E038-836x1024.webp 836w, https:\/\/floride.fr\/wp-content\/uploads\/2025\/11\/033_Camping_Occitanie_Le_Floride_et_l_Embouchure_Ciela_Village_Hebergement_King_Suite_8_10_E038-245x300.webp 245w, https:\/\/floride.fr\/wp-content\/uploads\/2025\/11\/033_Camping_Occitanie_Le_Floride_et_l_Embouchure_Ciela_Village_Hebergement_King_Suite_8_10_E038-768x941.webp 768w, https:\/\/floride.fr\/wp-content\/uploads\/2025\/11\/033_Camping_Occitanie_Le_Floride_et_l_Embouchure_Ciela_Village_Hebergement_King_Suite_8_10_E038-1254x1536.webp 1254w, https:\/\/floride.fr\/wp-content\/uploads\/2025\/11\/033_Camping_Occitanie_Le_Floride_et_l_Embouchure_Ciela_Village_Hebergement_King_Suite_8_10_E038.webp 1280w\" sizes=\"(max-width: 836px) 100vw, 836px\" \/><\/figure>\n\n\n\n<figure class=\"wp-block-image size-large\"><img loading=\"lazy\" width=\"825\" height=\"1024\" src=\"https:\/\/floride.fr\/wp-content\/uploads\/2025\/11\/085_Camping_Occitanie_Le_Floride_et_l_Embouchure_Ciela_Village_Hebergement_King_London_Bus_E151-825x1024.webp\" alt=\"\" class=\"wp-image-15962\" srcset=\"https:\/\/floride.fr\/wp-content\/uploads\/2025\/11\/085_Camping_Occitanie_Le_Floride_et_l_Embouchure_Ciela_Village_Hebergement_King_London_Bus_E151-825x1024.webp 825w, https:\/\/floride.fr\/wp-content\/uploads\/2025\/11\/085_Camping_Occitanie_Le_Floride_et_l_Embouchure_Ciela_Village_Hebergement_King_London_Bus_E151-242x300.webp 242w, https:\/\/floride.fr\/wp-content\/uploads\/2025\/11\/085_Camping_Occitanie_Le_Floride_et_l_Embouchure_Ciela_Village_Hebergement_King_London_Bus_E151-768x953.webp 768w, https:\/\/floride.fr\/wp-content\/uploads\/2025\/11\/085_Camping_Occitanie_Le_Floride_et_l_Embouchure_Ciela_Village_Hebergement_King_London_Bus_E151-1237x1536.webp 1237w, https:\/\/floride.fr\/wp-content\/uploads\/2025\/11\/085_Camping_Occitanie_Le_Floride_et_l_Embouchure_Ciela_Village_Hebergement_King_London_Bus_E151.webp 1280w\" sizes=\"(max-width: 825px) 100vw, 825px\" \/><\/figure>\n<\/figure>\n\n\n\n<div class=\"wp-container-69ec7abca1e0d wp-block-buttons galerie\">\n<div class=\"wp-block-button\"><a class=\"wp-block-button__link has-couleur-4-background-color has-background\" href=\"https:\/\/floride.fr\/de\/fotogalerie\/\"><i class=\"fal fa-images\"><\/i> Mediengalerie ansehen<\/a><\/div>\n<\/div>\n<\/div>\n\n\n\n<div class=\"wp-block-column is-vertically-aligned-center\">\n<h3 class=\"titre2 has-couleur-2-color has-text-color\" id=\"se-sentir-ailleurs-si-pres-de-chez-soi-et-decouvrez-le-paradis-des-vacances-au-bord-de-la-mediterranee-dans-un-cadre-naturel-et-enchanteur-a-quelques-encablures-du-village-catalan-du-barcares-66\">Mobilheimvermietung in Barcar\u00e8s mit allem Komfort auf dem Campingplatz Le Floride <\/h3>\n\n\n\n<p>Unsere 469 Mobilheime in Barcar\u00e8s sind komplett ausgestattet und bieten Platz f\u00fcr 2 bis 8 Personen mit h\u00f6chstem Komfort. Sie verf\u00fcgen \u00fcber:<\/p>\n\n\n\n<ul><li>Gebrauchsgeschirr<\/li><li>Elektrische Kaffeemaschine<\/li><li>Mikrowelle<\/li><li>Ein K\u00fchlschrank<\/li><li>Sowie Gartenm\u00f6bel und 2 Liegest\u00fchle (oder 2 Liegest\u00fchle)<\/li><\/ul>\n\n\n\n<p>Alle unsere hochwertigen <a href=\"https:\/\/floride.fr\/de\/vermietung-von-mobilheimen-pyrenees-orientales\/\">Mobilheime in Barcar\u00e8s<\/a> sind mit Klimaanlage, Geschirrsp\u00fcler und sogar 2 Badezimmern ausgestattet! Wie unsere Ferienhausreihen Ciela Prestige und Exception, die \u00fcber gro\u00dfz\u00fcgige R\u00e4umlichkeiten und h\u00f6chsten Komfort verf\u00fcgen. <\/p>\n\n\n\n<p>Andere Modelle von Mietunterk\u00fcnften bieten Ihnen die M\u00f6glichkeit, ein <strong>Babybett<\/strong> im Elternschlafzimmer aufzustellen.<\/p>\n\n\n\n<ul><li>Alle unsere <strong>Campingunterk\u00fcnfte<\/strong> verf\u00fcgen \u00fcber einen Fernseher.<\/li><li>WIFI ist f\u00fcr zwei Ger\u00e4te pro Aufenthalt kostenlos.<\/li><\/ul>\n\n\n\n<p>Machen Sie einen richtigen Urlaub mit dem \u201eFloride\u201c \u2013 beim Camping in den Pyr\u00e9n\u00e9es-Orientales!<\/p>\n<\/div>\n<\/div>\n<\/div><\/section>\n\n<section class=\"wp-container-69ec7abca2622 wp-block-group F-05-a  deco-feuille1\"><div class=\"wp-block-group__inner-container\">\n<div class=\"wp-block-columns are-vertically-aligned-center\">\n<div class=\"wp-block-column is-vertically-aligned-center\">\n<h3 class=\"titre2 has-couleur-2-color has-text-color\" id=\"se-sentir-ailleurs-si-pres-de-chez-soi-et-decouvrez-le-paradis-des-vacances-au-bord-de-la-mediterranee-dans-un-cadre-naturel-et-enchanteur-a-quelques-encablures-du-village-catalan-du-barcares-66\">Voll ausgestattete Chalets f\u00fcr einen Cocooning-Aufenthalt am Meer<\/h3>\n\n\n\n<p>In unserem Angebot an <strong>Ferienunterk\u00fcnften am Meer in Barcares<\/strong> finden Sie Holzunterk\u00fcnfte im Stil von &#8222;Chalets&#8220;, die bis zu 8 Personen beherbergen k\u00f6nnen. Mit ihrem rustikalen Aussehen verleihen Sie Ihrem Aufenthalt mit diesen <a href=\"https:\/\/floride.fr\/de\/chaletvermietung-in-pyrenees-orientales\/\">Chalet-Vermietungen in den Pyr\u00e9n\u00e9es Orientales<\/a> einen tropischen Stil. F\u00fcr maximalen Komfort stehen Ihnen zahlreiche Annehmlichkeiten zur Verf\u00fcgung : <\/p>\n\n\n\n<ul><li>Gebrauchsgeschirr<\/li><li>Elektrische Kaffeemaschine<\/li><li>Mikrowelle<\/li><li>Ein K\u00fchlschrank<\/li><li>Fernsehen<\/li><li>Wifi<\/li><li>Sowie Gartenm\u00f6bel und 2 Liegest\u00fchle (oder 2 Liegest\u00fchle)<\/li><\/ul>\n\n\n\n<p>Liebhaber von Komfort wie zu Hause werden unser Angebot an ger\u00e4umigeren Chalets, die Ciela Privil\u00e8ge Tropical, zu sch\u00e4tzen wissen. Zus\u00e4tzlich zur Grundausstattung wird ein <strong>Geschirrsp\u00fcler<\/strong> Ihren Alltag erleichtern. <\/p>\n\n\n\n<p>In unseren <strong>Ferienunterk\u00fcnften in Barcares<\/strong> sind auch Ihre <strong>vierbeinigen Freunde willkommen<\/strong> &#8211; f\u00fcr einen kompletten Campingurlaub !<\/p>\n<\/div>\n\n\n\n<div class=\"wp-block-column is-vertically-aligned-center\">\n<figure class=\"wp-block-gallery has-nested-images columns-2 is-cropped\">\n<figure class=\"wp-block-image size-large\"><img src=\"https:\/\/floride.fr\/wp-content\/uploads\/2022\/05\/&#xA9;LeFloride-101-1-1024x682.jpg\" alt=\"Vermietung von Themen-Chalets in den &#xF6;stlichen Pyren&#xE4;en, barcar&#xE8;s (66)\" class=\"wp-image-3808\"\/><\/figure>\n\n\n\n<figure class=\"wp-block-image size-large\"><img loading=\"lazy\" width=\"1024\" height=\"974\" src=\"https:\/\/floride.fr\/wp-content\/uploads\/2022\/05\/884_3CH_-2020_ZOOM-RANGEMENTS-PARENTS-edited-1024x974.jpg\" alt=\"Ferienvermietung max Komfort in Port Barcar&#xE8;s\" class=\"wp-image-3574\" srcset=\"https:\/\/floride.fr\/wp-content\/uploads\/2022\/05\/884_3CH_-2020_ZOOM-RANGEMENTS-PARENTS-edited-1024x974.jpg 1024w, https:\/\/floride.fr\/wp-content\/uploads\/2022\/05\/884_3CH_-2020_ZOOM-RANGEMENTS-PARENTS-edited-300x285.jpg 300w, https:\/\/floride.fr\/wp-content\/uploads\/2022\/05\/884_3CH_-2020_ZOOM-RANGEMENTS-PARENTS-edited-768x731.jpg 768w, https:\/\/floride.fr\/wp-content\/uploads\/2022\/05\/884_3CH_-2020_ZOOM-RANGEMENTS-PARENTS-edited-1536x1461.jpg 1536w, https:\/\/floride.fr\/wp-content\/uploads\/2022\/05\/884_3CH_-2020_ZOOM-RANGEMENTS-PARENTS-edited-2048x1948.jpg 2048w\" sizes=\"(max-width: 1024px) 100vw, 1024px\" \/><\/figure>\n<\/figure>\n<\/div>\n<\/div>\n<\/div><\/section>\n\n<section class=\"wp-container-69ec7abca2a1a wp-block-group F-05-a  deco-feuille1\"><div class=\"wp-block-group__inner-container\">\n<div class=\"wp-block-columns are-vertically-aligned-center\">\n<div class=\"wp-block-column is-vertically-aligned-center\">\n<figure class=\"wp-block-gallery has-nested-images columns-2 is-cropped\">\n<figure class=\"wp-block-image size-large\"><img loading=\"lazy\" width=\"1024\" height=\"682\" src=\"https:\/\/floride.fr\/wp-content\/uploads\/2022\/05\/fare-Aloha-1024x682.jpg\" alt=\"Ungew&#xF6;hnliche Nacht pyr&#xE9;n&#xE9;es orientales in far&#xE9; ungew&#xF6;hnliche Le Floride\" class=\"wp-image-3383\" srcset=\"https:\/\/floride.fr\/wp-content\/uploads\/2022\/05\/fare-Aloha-1024x682.jpg 1024w, https:\/\/floride.fr\/wp-content\/uploads\/2022\/05\/fare-Aloha-300x200.jpg 300w, https:\/\/floride.fr\/wp-content\/uploads\/2022\/05\/fare-Aloha-768x512.jpg 768w, https:\/\/floride.fr\/wp-content\/uploads\/2022\/05\/fare-Aloha-1536x1024.jpg 1536w, https:\/\/floride.fr\/wp-content\/uploads\/2022\/05\/fare-Aloha.jpg 1772w\" sizes=\"(max-width: 1024px) 100vw, 1024px\" \/><\/figure>\n\n\n\n<figure class=\"wp-block-image size-full\"><img loading=\"lazy\" width=\"1024\" height=\"681\" src=\"https:\/\/floride.fr\/wp-content\/uploads\/2022\/03\/roulotte-far-west.jpg\" alt=\"Campingplatz Le Floride Le Barcar&#xE8;s (66) : Wohnwagen Far West\" class=\"wp-image-852\" srcset=\"https:\/\/floride.fr\/wp-content\/uploads\/2022\/03\/roulotte-far-west.jpg 1024w, https:\/\/floride.fr\/wp-content\/uploads\/2022\/03\/roulotte-far-west-300x200.jpg 300w, https:\/\/floride.fr\/wp-content\/uploads\/2022\/03\/roulotte-far-west-768x511.jpg 768w\" sizes=\"(max-width: 1024px) 100vw, 1024px\" \/><\/figure>\n<\/figure>\n<\/div>\n\n\n\n<div class=\"wp-block-column is-vertically-aligned-center\">\n<h3 class=\"titre2 has-couleur-2-color has-text-color\" id=\"se-sentir-ailleurs-si-pres-de-chez-soi-et-decouvrez-le-paradis-des-vacances-au-bord-de-la-mediterranee-dans-un-cadre-naturel-et-enchanteur-a-quelques-encablures-du-village-catalan-du-barcares-66\">Atypische Unterk\u00fcnfte f\u00fcr eine ungew\u00f6hnliche Nacht in Okzitanien<\/h3>\n\n\n\n<p>Nutzen Sie Ihren Urlaub in Okzitanien an der K\u00fcste der Pyr\u00e9n\u00e9es Orientales, um eine ganz neue Erfahrung zu machen. Im \u201eAu Floride\u201c bieten wir Ihnen Wohnwagen, polynesische H\u00fctten oder sogar Baumh\u00e4user an! Alles ist so gestaltet, dass Sie sich in diesen ungew\u00f6hnlichen Unterk\u00fcnften in Barcar\u00e8s genauso wohlf\u00fchlen wie in unseren anderen Campingunterk\u00fcnften. Die geschmackvoll gestalteten Zimmer bieten Ihnen die M\u00f6glichkeit, f\u00fcr ein paar N\u00e4chte oder Wochen auf dem Campingplatz Feriendorf Le Floride dem Alltag zu entfliehen. Unsere <a href=\"https:\/\/floride.fr\/de\/ungewoehnliche-ferienunterkuenfte-in-pyrenees-orientales\/\">ungew\u00f6hnlichen Ferienunterk\u00fcnfte in den \u00f6stlichen Pyren\u00e4en<\/a> bieten Platz f\u00fcr 2 bis 6 Personen und sind auf unterschiedliche Weise angeordnet, n\u00e4mlich :<\/p>\n\n\n\n<ul><li>Der Komfort eines Mobilheims f\u00fcr Ciela Privil\u00e8ge Aloha oder Maori mit einem Hauch von Exotik;<\/li><li>Campingatmosph\u00e4re mit H\u00fctten (separate Sanit\u00e4ranlagen);<\/li><li>Die praktische Einrichtung f\u00fcr den Wohnwagen, aber ohne Klimaanlage.<\/li><\/ul>\n<\/div>\n<\/div>\n<\/div><\/section>\n\n<section class=\"wp-container-69ec7abca2e50 wp-block-group F-20-a display-none\"><div class=\"wp-block-group__inner-container\">\n<div class=\"wp-block-columns are-vertically-aligned-center\">\n<div class=\"wp-block-column is-vertically-aligned-center\">\n<h2 id=\"les-plus-de-notre-camping-5-etoiles-en-pyrenees-orientales\">Die Pluspunkte unseres 5-Sterne-Campingplatzes in Pyr\u00e9n\u00e9es Orientales<\/h2>\n\n\n\n<h3 class=\"titre1 has-couleur-2-color has-text-color\" id=\"se-sentir-ailleurs-si-pres-de-chez-soi-et-decouvrez-le-paradis-des-vacances-au-bord-de-la-mediterranee-dans-un-cadre-naturel-et-enchanteur-a-quelques-encablures-du-village-catalan-du-barcares-66\">W\u00e4hlen Sie die Premium-Option zu einem coolen Preis!<\/h3>\n\n\n\n<p class=\"brush has-couleur-1-color has-text-color\">In wenigen Worten: Die Premium-Option ist :<\/p>\n\n\n\n<ul><li>Willkommenspaket<\/li><li>Ein \u00fcberraschendes Willkommensgeschenk<\/li><li>Bezogene Betten bei Ihrer Ankunft<\/li><li>Handt\u00fccher werden gestellt<\/li><li>Endreinigung am Tag Ihrer Abreise<\/li><\/ul>\n\n\n\n<p>Einige Komfortoptionen sind auch auf <a href=\"https:\/\/floride.fr\/de\/standorte\/\">unseren Campingstellpl\u00e4tzen mit privaten Sanit\u00e4ranlagen in den Pyr\u00e9n\u00e9es Orientales<\/a> verf\u00fcgbar, um Ihren Urlaub inmitten der Natur noch angenehmer zu gestalten.<\/p>\n<\/div>\n\n\n\n<div class=\"wp-block-column is-vertically-aligned-center\">\n<figure class=\"wp-block-gallery has-nested-images columns-2 is-cropped deco-fleur2 deco-rectangle1\">\n<figure class=\"wp-block-image size-large\"><img loading=\"lazy\" width=\"850\" height=\"566\" src=\"https:\/\/floride.fr\/wp-content\/uploads\/2022\/03\/Camping-Le-Floride-Barcares-Bungalows-11.jpg\" alt=\"5-Sterne-Campingplatz Le Floride Barcar&#xE8;s Bungalows Option Premium\" class=\"wp-image-457\" srcset=\"https:\/\/floride.fr\/wp-content\/uploads\/2022\/03\/Camping-Le-Floride-Barcares-Bungalows-11.jpg 850w, https:\/\/floride.fr\/wp-content\/uploads\/2022\/03\/Camping-Le-Floride-Barcares-Bungalows-11-300x200.jpg 300w, https:\/\/floride.fr\/wp-content\/uploads\/2022\/03\/Camping-Le-Floride-Barcares-Bungalows-11-768x511.jpg 768w\" sizes=\"(max-width: 850px) 100vw, 850px\" \/><\/figure>\n\n\n\n<figure class=\"wp-block-image size-large\"><img loading=\"lazy\" width=\"1000\" height=\"667\" src=\"https:\/\/floride.fr\/wp-content\/uploads\/2022\/03\/Photo-interieur-6.jpg\" alt=\"Top-Campingplatz mit Ferienvermietung in Le Barcar&#xE8;s\" class=\"wp-image-862\" srcset=\"https:\/\/floride.fr\/wp-content\/uploads\/2022\/03\/Photo-interieur-6.jpg 1000w, https:\/\/floride.fr\/wp-content\/uploads\/2022\/03\/Photo-interieur-6-300x200.jpg 300w, https:\/\/floride.fr\/wp-content\/uploads\/2022\/03\/Photo-interieur-6-768x512.jpg 768w\" sizes=\"(max-width: 1000px) 100vw, 1000px\" \/><\/figure>\n<\/figure>\n<\/div>\n<\/div>\n<\/div><\/section>\n\n<section class=\"wp-container-69ec7abca3207 wp-block-group F-15-a vague-top ligne1-top has-bg-1-background-color has-background\"><div class=\"wp-block-group__inner-container\">\n<p class=\"titre1 has-couleur-1-color has-text-color\" id=\"decouvrez-notre-location-la-suite-riviera-premium-un-vrai-succes\">Entdecken Sie unser Mietangebot: Ciela Exception, ein echter Erfolg!<\/p>\n\n\n\n<div class=\"wp-block-media-text is-stacked-on-mobile is-image-fill\"><figure class=\"wp-block-media-text__media\" style=\"background-image:url(https:\/\/floride.fr\/wp-content\/uploads\/2022\/03\/DSC_0827-arrangee-PT-1024x668.jpg);background-position:50% 50%\"><img loading=\"lazy\" width=\"1024\" height=\"668\" src=\"https:\/\/floride.fr\/wp-content\/uploads\/2022\/03\/DSC_0827-arrangee-PT-1024x668.jpg\" alt=\"Campingplatz mit spa in languedoc roussillon, suite riviera\" class=\"wp-image-857 size-full\" srcset=\"https:\/\/floride.fr\/wp-content\/uploads\/2022\/03\/DSC_0827-arrangee-PT-1024x668.jpg 1024w, https:\/\/floride.fr\/wp-content\/uploads\/2022\/03\/DSC_0827-arrangee-PT-300x196.jpg 300w, https:\/\/floride.fr\/wp-content\/uploads\/2022\/03\/DSC_0827-arrangee-PT-768x501.jpg 768w, https:\/\/floride.fr\/wp-content\/uploads\/2022\/03\/DSC_0827-arrangee-PT-1536x1002.jpg 1536w, https:\/\/floride.fr\/wp-content\/uploads\/2022\/03\/DSC_0827-arrangee-PT.jpg 2000w\" sizes=\"(max-width: 1024px) 100vw, 1024px\" \/><\/figure><div class=\"wp-block-media-text__content\">\n<h3 class=\"has-couleur-4-color has-text-color\" id=\"hebergement-haut-de-gamme-au-sein-de-notre-camping-en-languedoc-roussillon\">Hochwertige Unterk\u00fcnfte auf unserem Campingplatz im Languedoc Roussillon<\/h3>\n\n\n\n<p>Damit Sie sich mit Ihrer Familie oder Ihren Freunden rundum wohlf\u00fchlen, bieten die Unterk\u00fcnfte der Reihe Ciela Exception:<\/p>\n\n\n\n<ul><li>3 Zimmer<\/li><li>2 Badezimmer;<\/li><li>Flachbildfernseher<\/li><li>Klimaanlage (Klimaanlage);<\/li><li>Geschirrsp\u00fcler.<\/li><\/ul>\n\n\n\n<p>Seien Sie die Ersten, die Ihren Urlaub auf unserem <strong>5-Sterne-Campingplatz im Languedoc Roussillon buchen.<\/strong><\/p>\n<\/div><\/div>\n<\/div><\/section>\n\n<p><\/p>\n","protected":false},"excerpt":{"rendered":"<p>Vermietung Mobilheim, Chalet und Ausgefallenes in Barcar\u00e8s (66) Maximaler Komfort f\u00fcr Ihren Urlaub in den Pyr\u00e9n\u00e9es Orientales Ganz gleich, was Sie vorhaben \u2013 ob zu zweit, mit der Familie oder mit Freunden \u2013, im Floride finden Sie garantiert das ideale Angebot f\u00fcr einen angenehmen und gelungenen Urlaub in den Pyr\u00e9n\u00e9es-Orientales. Unter unserer Auswahl an Mietunterk\u00fcnften [&hellip;]<\/p>\n","protected":false},"author":1,"featured_media":0,"parent":0,"menu_order":0,"comment_status":"closed","ping_status":"closed","template":"","meta":[],"acf":[],"_links":{"self":[{"href":"https:\/\/floride.fr\/de\/wp-json\/wp\/v2\/pages\/2678"}],"collection":[{"href":"https:\/\/floride.fr\/de\/wp-json\/wp\/v2\/pages"}],"about":[{"href":"https:\/\/floride.fr\/de\/wp-json\/wp\/v2\/types\/page"}],"author":[{"embeddable":true,"href":"https:\/\/floride.fr\/de\/wp-json\/wp\/v2\/users\/1"}],"replies":[{"embeddable":true,"href":"https:\/\/floride.fr\/de\/wp-json\/wp\/v2\/comments?post=2678"}],"version-history":[{"count":6,"href":"https:\/\/floride.fr\/de\/wp-json\/wp\/v2\/pages\/2678\/revisions"}],"predecessor-version":[{"id":16347,"href":"https:\/\/floride.fr\/de\/wp-json\/wp\/v2\/pages\/2678\/revisions\/16347"}],"wp:attachment":[{"href":"https:\/\/floride.fr\/de\/wp-json\/wp\/v2\/media?parent=2678"}],"curies":[{"name":"wp","href":"https:\/\/api.w.org\/{rel}","templated":true}]}}